{"id":44,"date":"2014-11-25T20:35:31","date_gmt":"2014-11-25T20:35:31","guid":{"rendered":"https:\/\/www.lasertechnik-willich.de\/\/?page_id=44"},"modified":"2014-11-25T20:39:04","modified_gmt":"2014-11-25T20:39:04","slug":"hallo-und-guten-tag-geschatzte-besucher-unserer-internetprasenz","status":"publish","type":"page","link":"https:\/\/www.lasertechnik-willich.de\/?page_id=44","title":{"rendered":"\u00dcber Uns"},"content":{"rendered":"<p>Hallo und guten Tag gesch\u00e4tzte Besucher unserer Internetpr\u00e4senz.<\/p>\n<p>Wir m\u00f6chten Ihnen die LTW Lasertechnik Willich GmbH auf diesem Wege etwas n\u00e4her bringen.<br \/>\nSeit 1990 bieten wir (bis zum Sommer 2014 unter dem Namen Arema Schneidtechnik GmbH) Laserzuschnitte von h\u00f6chster Pr\u00e4zision an, die wir mit k\u00fcrzesten Lieferzeiten fertigen.<br \/>\nDabei spielt es keine Rolle, ob unsere Kunden Teile aus Edelst\u00e4hlen der bekannten G\u00fcten 1.4301, 1.4541, 1.4571 und 1.4404 u.\u00e4.,<br \/>\noder aus Baust\u00e4hlen (S235, S355 u.\u00e4.) und<br \/>\nhitze- bzw. verschlei\u00dffesten St\u00e4hlen (P265GH, HB500 u.\u00e4.) ben\u00f6tigen. Auch Sonderwerkstoffe (2.4610, 2.4851 u.\u00e4.) sind schnell verf\u00fcgbar.<br \/>\nDurch unser wohlsortiertes Lager ist uns die unmittelbare Reaktion auf Kundenw\u00fcnsche  m\u00f6glich; wenn es doch einmal zu Materialengp\u00e4ssen kommt, kann durch unser Netzwerk bester Lieferanten in kurzer Zeit Ersatz besorgt werden.<br \/>\nNach der Verarbeitung von Zeichnungen, aber auch Dateien verschiedener Formate (DXF, DWG u.\u00e4.) durch unsere Programmierer gelangen die Auftr\u00e4ge an die beiden Laseranlagen eines renommierten schweizer Herstellers, der weltweit f\u00fcr Pr\u00e4zision und Qualit\u00e4t steht.<br \/>\nDiese beiden Begriffe sind es auch, die wir uns auf die Fahne geschrieben haben, um unseren Kunden ihre Fertigungsw\u00fcnsche erf\u00fcllen zu k\u00f6nnen.<\/p>\n<p>Somit w\u00fcrden wir uns freuen, auch Ihnen mit unserer jahrzehntelangen Erfahrung und Kompetenz dienen zu k\u00f6nnen. Senden Sie uns doch einfach eine Anfrage zu, die wir in kurzer Zeit beantworten werden.<\/p>\n<p>Sowohl Herr Manfred Gieseler, als auch Herr Frank Cremer stehen Ihnen stets mit Rat und Tat zur Verf\u00fcgung und wir freuen uns auf eine Kontaktaufnahme. <\/p>\n","protected":false},"excerpt":{"rendered":"<p>Hallo und guten Tag gesch\u00e4tzte Besucher unserer Internetpr\u00e4senz. Wir m\u00f6chten Ihnen die LTW Lasertechnik Willich GmbH auf diesem Wege etwas n\u00e4her bringen. Seit 1990 bieten wir (bis zum Sommer 2014 unter dem Namen Arema Schneidtechnik GmbH) Laserzuschnitte von h\u00f6chster Pr\u00e4zision<span class=\"ellipsis\">&hellip;<\/span><\/p>\n<div class=\"read-more\"><a href=\"https:\/\/www.lasertechnik-willich.de\/?page_id=44\">Weiterlesen \u203a<\/a><\/div>\n<p><!-- end of .read-more --><\/p>\n","protected":false},"author":1,"featured_media":0,"parent":0,"menu_order":0,"comment_status":"closed","ping_status":"closed","template":"full-width-page.php","meta":{"footnotes":""},"class_list":["post-44","page","type-page","status-publish","hentry"],"_links":{"self":[{"href":"https:\/\/www.lasertechnik-willich.de\/index.php?rest_route=\/wp\/v2\/pages\/44","targetHints":{"allow":["GET"]}}],"collection":[{"href":"https:\/\/www.lasertechnik-willich.de\/index.php?rest_route=\/wp\/v2\/pages"}],"about":[{"href":"https:\/\/www.lasertechnik-willich.de\/index.php?rest_route=\/wp\/v2\/types\/page"}],"author":[{"embeddable":true,"href":"https:\/\/www.lasertechnik-willich.de\/index.php?rest_route=\/wp\/v2\/users\/1"}],"replies":[{"embeddable":true,"href":"https:\/\/www.lasertechnik-willich.de\/index.php?rest_route=%2Fwp%2Fv2%2Fcomments&post=44"}],"version-history":[{"count":2,"href":"https:\/\/www.lasertechnik-willich.de\/index.php?rest_route=\/wp\/v2\/pages\/44\/revisions"}],"predecessor-version":[{"id":47,"href":"https:\/\/www.lasertechnik-willich.de\/index.php?rest_route=\/wp\/v2\/pages\/44\/revisions\/47"}],"wp:attachment":[{"href":"https:\/\/www.lasertechnik-willich.de\/index.php?rest_route=%2Fwp%2Fv2%2Fmedia&parent=44"}],"curies":[{"name":"wp","href":"https:\/\/api.w.org\/{rel}","templated":true}]}}